{"id":4466,"date":"2022-02-01T11:38:10","date_gmt":"2022-02-01T11:38:10","guid":{"rendered":"http:\/\/biblio.grupoceu.pt\/?page_id=4466"},"modified":"2026-01-19T09:52:17","modified_gmt":"2026-01-19T09:52:17","slug":"regulamento-esesfm","status":"publish","type":"page","link":"http:\/\/biblio.grupoautonoma.pt\/en\/regulamento-esesfm\/","title":{"rendered":"Regulamento ESESFM"},"content":{"rendered":"<h2 class=\"wp-block-heading\"><strong>Regulamento Geral da Biblioteca da Escola Superior de Enfermagem S. Francisco das Miseric\u00f3rdias<\/strong><\/h2>\n\n\n\n<div style=\"height:60px\" aria-hidden=\"true\" class=\"wp-block-spacer\"><\/div>\n\n\n\n<!DOCTYPE html>\n<html lang=\"pt\">\n  <head>\n    <meta charset=\"UTF-8\" \/>\n    <meta name=\"viewport\" content=\"width=device-width, initial-scale=1.0\" \/>\n    <title>Regulamento Geral da Biblioteca<\/title>\n    <style>\n      @import url(\"https:\/\/fonts.googleapis.com\/css2?family=Quicksand:wght@300;400;500;600;700&display=swap\");\n\n      * {\n        font-family: \"Quicksand\", sans-serif;\n      }\n      .container {\n        width: 100%;\n      }\n\n      .container h1 {\n        font-size: 32px;\n        margin-bottom: 30px;\n        color: hsl(0, 0%, 15%);\n        font-weight: bold;\n      }\n\n      .accordion-group {\n        margin-bottom: 15px;\n      }\n\n      .accordion-header {\n        background-color: hsl(206, 93%, 29%);\n        box-shadow: 5px 10px 10px hsl(210, 1%, 30%);\n        color: hsl(0, 0%, 95%);\n        padding: 12px 16px;\n        border: none;\n        font-size: 16px;\n        font-weight: bold;\n        cursor: pointer;\n        width: 100%;\n        text-align: left;\n        display: flex;\n        align-items: center;\n        justify-content: space-between;\n        border-radius: 1em;\n        transition: background-color 0.2s ease;\n      }\n\n      .accordion-header:hover {\n        background-color: hsl(211, 51%, 22%);\n      }\n\n      .accordion-header.secondary {\n        background-color: hsl(211, 51%, 22%);\n        font-size: 14px;\n        padding: 10px 16px;\n        margin-bottom: 10px;\n      }\n\n      .accordion-header.secondary:hover {\n        background-color: hsl(211, 51%, 22%);\n      }\n\n      .accordion-icon {\n        font-size: 20px;\n        transition: transform 0.3s ease;\n        display: inline-block;\n      }\n\n      .accordion-header.active .accordion-icon::before {\n        content: \"\u2212\";\n      }\n\n      .accordion-icon::before {\n        content: \"+\";\n      }\n\n      .accordion-header.active .accordion-icon {\n        transform: rotate(180deg);\n      }\n\n      .accordion-content {\n        display: none;\n        padding: 16px;\n        border-left: 4px solid hsl(206, 93%, 29%);\n        background-color: hsl(0, 0%, 95%);\n        margin-bottom: 15px;\n        border-radius: 0 2px 2px 0;\n      }\n\n      .accordion-content.secondary {\n        border-left-color: hsl(211, 51%, 22%);\n        background-color: hsl(0, 0%, 95%);\n        padding: 16px;\n        margin-bottom: 10px;\n        margin-left: 0;\n      }\n\n      .accordion-content.active {\n        display: block;\n      }\n\n      .accordion-content p {\n        color: hsl(210, 1%, 30%);\n        line-height: 1.6;\n        margin-bottom: 12px;\n      }\n\n      .accordion-content ol,\n      .accordion-content ul {\n        color: hsl(210, 1%, 30%);\n        margin-left: 20px;\n        line-height: 1.8;\n      }\n\n      .accordion-content ol li,\n      .accordion-content ul li {\n        margin-bottom: 8px;\n      }\n\n      .accordion-content ol ol {\n        margin-left: 30px;\n        margin-top: 8px;\n      }\n\n      .accordion-content a {\n        color: hsl(206, 93%, 29%);\n        text-decoration: none;\n      }\n\n      .accordion-content a:hover {\n        text-decoration: underline;\n      }\n\n      .nested-accordion {\n        margin-bottom: 10px;\n      }\n\n      .section-content > .accordion-group {\n        margin-bottom: 10px;\n      }\n\n      .secondary-content {\n        margin-left: 0;\n      }\n    <\/style>\n  <\/head>\n  <body>\n    <div class=\"container\">\n      \n\n      <!-- CAP\u00cdTULO I -->\n      <div class=\"accordion-group\">\n        <button class=\"accordion-header\" data-toggle=\"section-1\">\n          <span>CAP\u00cdTULO I \u2013 Disposi\u00e7\u00f5es Gerais<\/span>\n          <span class=\"accordion-icon\"><\/span>\n        <\/button>\n        <div id=\"section-1\" class=\"accordion-content section-content\">\n          <!-- Article 1 -->\n          <div class=\"accordion-group nested-accordion\">\n            <button class=\"accordion-header secondary\" data-toggle=\"art-1\">\n              <span>Artigo 1\u00ba \u2013 Objecto<\/span>\n              <span class=\"accordion-icon\"><\/span>\n            <\/button>\n            <div\n              id=\"art-1\"\n              class=\"accordion-content secondary secondary-content\"\n            >\n              <p>\n                O Regulamento Geral da Biblioteca define as condi\u00e7\u00f5es de acesso\n                aos servi\u00e7os e de utiliza\u00e7\u00e3o dos equipamentos e do espa\u00e7o f\u00edsico\n                da biblioteca da Escola Superior de Enfermagem S\u00e3o Francisco das\n                Miseric\u00f3rdias (ESESFM).\n              <\/p>\n            <\/div>\n          <\/div>\n\n          <!-- Article 2 -->\n          <div class=\"accordion-group nested-accordion\">\n            <button class=\"accordion-header secondary\" data-toggle=\"art-2\">\n              <span>Artigo 2\u00ba \u2013 \u00c2mbito<\/span>\n              <span class=\"accordion-icon\"><\/span>\n            <\/button>\n            <div\n              id=\"art-2\"\n              class=\"accordion-content secondary secondary-content\"\n            >\n              <p>O presente regulamento aplica-se \u00e0 biblioteca da ESESFM.<\/p>\n            <\/div>\n          <\/div>\n        <\/div>\n      <\/div>\n\n      <!-- CAP\u00cdTULO II -->\n      <div class=\"accordion-group\">\n        <button class=\"accordion-header\" data-toggle=\"section-2\">\n          <span>CAP\u00cdTULO II \u2013 Da Organiza\u00e7\u00e3o<\/span>\n          <span class=\"accordion-icon\"><\/span>\n        <\/button>\n        <div id=\"section-2\" class=\"accordion-content section-content\">\n          <!-- Article 3 -->\n          <div class=\"accordion-group nested-accordion\">\n            <button class=\"accordion-header secondary\" data-toggle=\"art-3\">\n              <span>Artigo 3\u00ba \u2013 Miss\u00e3o e Estrutura<\/span>\n              <span class=\"accordion-icon\"><\/span>\n            <\/button>\n            <div\n              id=\"art-3\"\n              class=\"accordion-content secondary secondary-content\"\n            >\n              <ol>\n                <li>\n                  \u2013 A Biblioteca da Escola Superior de Enfermagem \u00e9 um centro de\n                  recursos destinado \u00e0 preserva\u00e7\u00e3o e divulga\u00e7\u00e3o do respetivo\n                  acervo patrimonial, bibliogr\u00e1fico e documental, ao acesso a\n                  bases de dados, ao apoio ao ensino e \u00e0 investiga\u00e7\u00e3o.\n                <\/li>\n              <\/ol>\n            <\/div>\n          <\/div>\n\n          <!-- Article 4 -->\n          <div class=\"accordion-group nested-accordion\">\n            <button class=\"accordion-header secondary\" data-toggle=\"art-4\">\n              <span>Artigo 4\u00ba \u2013 Colec\u00e7\u00e3o<\/span>\n              <span class=\"accordion-icon\"><\/span>\n            <\/button>\n            <div\n              id=\"art-4\"\n              class=\"accordion-content secondary secondary-content\"\n            >\n              <ol>\n                <li>\n                  \u2013 A Colec\u00e7\u00e3o da Biblioteca \u00e9 constitu\u00edda por:\n                  <ol style=\"list-style-type: lower-alpha\">\n                    <li>Monografias<\/li>\n                    <li>Publica\u00e7\u00f5es Peri\u00f3dicas<\/li>\n                    <li>\n                      Obras de Refer\u00eancia (dicion\u00e1rios, enciclop\u00e9dias, etc.)\n                    <\/li>\n                    <li>Bases de dados<\/li>\n                  <\/ol>\n                <\/li>\n                <li>\n                  \u2013 A colec\u00e7\u00e3o est\u00e1 organizada segundo o esquema tem\u00e1tico da\n                  Classifica\u00e7\u00e3o Decimal Universal (CDU), excepto as Publica\u00e7\u00f5es\n                  Peri\u00f3dicas que est\u00e3o organizadas segundo as grandes \u00e1reas do\n                  conhecimento.\n                <\/li>\n                <li>\n                  \u2013 Ap\u00f3s a consulta das obras, os utilizadores devem proceder \u00e0\n                  sua coloca\u00e7\u00e3o nos carrinhos dispon\u00edveis para o efeito,\n                  competindo aos funcion\u00e1rios a tarefa de os arrumar de novo nas\n                  estantes.\n                <\/li>\n              <\/ol>\n            <\/div>\n          <\/div>\n        <\/div>\n      <\/div>\n\n      <!-- CAP\u00cdTULO III -->\n      <div class=\"accordion-group\">\n        <button class=\"accordion-header\" data-toggle=\"section-3\">\n          <span>CAP\u00cdTULO III \u2013 Dos Utilizadores<\/span>\n          <span class=\"accordion-icon\"><\/span>\n        <\/button>\n        <div id=\"section-3\" class=\"accordion-content section-content\">\n          <!-- Article 5 -->\n          <div class=\"accordion-group nested-accordion\">\n            <button class=\"accordion-header secondary\" data-toggle=\"art-5\">\n              <span>Artigo 5\u00ba \u2013 Utilizadores<\/span>\n              <span class=\"accordion-icon\"><\/span>\n            <\/button>\n            <div\n              id=\"art-5\"\n              class=\"accordion-content secondary secondary-content\"\n            >\n              <p>S\u00e3o utilizadores:<\/p>\n              <ol style=\"list-style-type: lower-alpha\">\n                <li>\n                  Alunos, docentes, investigadores\/bolseiros e Funcion\u00e1rios do\n                  Grupo Aut\u00f3noma;\n                <\/li>\n                <li>\n                  Arquivos, bibliotecas e centros de documenta\u00e7\u00e3o e informa\u00e7\u00e3o\n                  nacionais e estrangeiros, ap\u00f3s a realiza\u00e7\u00e3o de contratos de\n                  colabora\u00e7\u00e3o\/protocolos.\n                <\/li>\n              <\/ol>\n            <\/div>\n          <\/div>\n\n          <!-- Article 6 -->\n          <div class=\"accordion-group nested-accordion\">\n            <button class=\"accordion-header secondary\" data-toggle=\"art-6\">\n              <span>Artigo 6\u00ba \u2013 Direitos dos utilizadores<\/span>\n              <span class=\"accordion-icon\"><\/span>\n            <\/button>\n            <div\n              id=\"art-6\"\n              class=\"accordion-content secondary secondary-content\"\n            >\n              <p>S\u00e3o direitos dos utilizadores:<\/p>\n              <ol style=\"list-style-type: lower-alpha\">\n                <li>\n                  Aceder \u00e0 informa\u00e7\u00e3o relativa \u00e0 organiza\u00e7\u00e3o, aos servi\u00e7os e \u00e0\n                  utiliza\u00e7\u00e3o da Biblioteca;\n                <\/li>\n                <li>\n                  Consultar e requisitar documentos atrav\u00e9s do servi\u00e7o de\n                  empr\u00e9stimo domicili\u00e1rio, de acordo estabelecido no presente\n                  regulamento;\n                <\/li>\n                <li>\n                  Apresentar sugest\u00f5es ou reclama\u00e7\u00f5es, atrav\u00e9s de modelo pr\u00f3prio\n                  dispon\u00edvel no balc\u00e3o de atendimento;\n                <\/li>\n                <li>\n                  Propor aquisi\u00e7\u00f5es bibliogr\u00e1ficas, atrav\u00e9s de formul\u00e1rio\n                  dispon\u00edvel no balc\u00e3o de atendimento.\n                <\/li>\n              <\/ol>\n            <\/div>\n          <\/div>\n\n          <!-- Article 7 -->\n          <div class=\"accordion-group nested-accordion\">\n            <button class=\"accordion-header secondary\" data-toggle=\"art-7\">\n              <span>Artigo 7\u00ba \u2013 Deveres dos utilizadores<\/span>\n              <span class=\"accordion-icon\"><\/span>\n            <\/button>\n            <div\n              id=\"art-7\"\n              class=\"accordion-content secondary secondary-content\"\n            >\n              <p>S\u00e3o deveres dos utilizadores:<\/p>\n              <ol style=\"list-style-type: lower-alpha\">\n                <li>\n                  Cumprir o Regulamento Geral da Biblioteca e os demais\n                  regulamentos do Grupo Aut\u00f3noma;\n                <\/li>\n                <li>\n                  Manter bom comportamento moral, civil e disciplinar perante os\n                  demais utilizadores e funcion\u00e1rios;\n                <\/li>\n                <li>\n                  Respeitar a integridade da colec\u00e7\u00e3o, das instala\u00e7\u00f5es e dos\n                  equipamentos;\n                <\/li>\n                <li>\n                  Manter a disposi\u00e7\u00e3o do mobili\u00e1rio existente nas salas de\n                  leitura;\n                <\/li>\n                <li>Cumprir os prazos de empr\u00e9stimo domicili\u00e1rio;<\/li>\n                <li>\n                  Apresentar o cart\u00e3o de utilizador sempre que solicitado.\n                <\/li>\n              <\/ol>\n            <\/div>\n          <\/div>\n        <\/div>\n      <\/div>\n\n      <!-- CAP\u00cdTULO IV -->\n      <div class=\"accordion-group\">\n        <button class=\"accordion-header\" data-toggle=\"section-4\">\n          <span>CAP\u00cdTULO IV \u2013 Da Utiliza\u00e7\u00e3o<\/span>\n          <span class=\"accordion-icon\"><\/span>\n        <\/button>\n        <div id=\"section-4\" class=\"accordion-content section-content\">\n          <!-- Article 8 -->\n          <div class=\"accordion-group nested-accordion\">\n            <button class=\"accordion-header secondary\" data-toggle=\"art-8\">\n              <span>Artigo 8\u00ba \u2013 Acesso \u00e0 Biblioteca<\/span>\n              <span class=\"accordion-icon\"><\/span>\n            <\/button>\n            <div\n              id=\"art-8\"\n              class=\"accordion-content secondary secondary-content\"\n            >\n              <ol>\n                <li>\u2013 A Biblioteca da ESESFM \u00e9 de livre acesso.<\/li>\n                <li>\n                  \u2013 Dentro da Biblioteca \u00e9 proibido cometer algum acto que\n                  perturbe o normal funcionamento do servi\u00e7o, que incomode os\n                  outros utilizadores ou que ponha em risco a integridade da\n                  colec\u00e7\u00e3o, nomeadamente fumar, comer, falar alto, utilizar o\n                  telem\u00f3vel, danificar os documentos, etc.\n                <\/li>\n                <li>\n                  \u2013 N\u00e3o \u00e9 permitido aos utilizadores a perman\u00eancia na Biblioteca\n                  para fins que n\u00e3o sejam o estudo ou a leitura.\n                <\/li>\n                <li>\n                  \u2013 N\u00e3o \u00e9 permitido a desloca\u00e7\u00e3o do mobili\u00e1rio que altere a\n                  din\u00e2mica e funcionamento do espa\u00e7o.\n                <\/li>\n                <li>\n                  \u2013 N\u00e3o \u00e9 permitido o estudo em grupo, uma vez que existem salas\n                  destinadas para esse efeito.\n                <\/li>\n                <li>\n                  \u2013 O utilizador que perturbe o normal funcionamento da\n                  Biblioteca \u00e9 convidado a sair.\n                <\/li>\n              <\/ol>\n            <\/div>\n          <\/div>\n\n          <!-- Article 9 -->\n          <div class=\"accordion-group nested-accordion\">\n            <button class=\"accordion-header secondary\" data-toggle=\"art-9\">\n              <span>Artigo 9\u00ba \u2013 Cart\u00e3o de Utilizador<\/span>\n              <span class=\"accordion-icon\"><\/span>\n            <\/button>\n            <div\n              id=\"art-9\"\n              class=\"accordion-content secondary secondary-content\"\n            >\n              <ol>\n                <li>\n                  \u2013 Entende-se por Cart\u00e3o de Utilizador todos os cart\u00f5es do\n                  Grupo Aut\u00f3noma &#8211; Cooperativa de Ensino Universit\u00e1rio.\n                <\/li>\n                <li>\n                  \u2013 O Cart\u00e3o de Utilizador \u00e9 gratuito, pessoal e intransmiss\u00edvel\n                  e pode ser solicitado por toda a comunidade acad\u00e9mica do Grupo\n                  Aut\u00f3noma (alunos, professores, funcion\u00e1rios).\n                <\/li>\n              <\/ol>\n            <\/div>\n          <\/div>\n\n          <!-- Article 10 -->\n          <div class=\"accordion-group nested-accordion\">\n            <button class=\"accordion-header secondary\" data-toggle=\"art-10\">\n              <span>Artigo 10\u00ba \u2013 Servi\u00e7os<\/span>\n              <span class=\"accordion-icon\"><\/span>\n            <\/button>\n            <div\n              id=\"art-10\"\n              class=\"accordion-content secondary secondary-content\"\n            >\n              <p>A Biblioteca disponibiliza os seguintes servi\u00e7os:<\/p>\n              <ol style=\"list-style-type: lower-alpha\">\n                <li>Aquisi\u00e7\u00e3o bibliogr\u00e1fica;<\/li>\n                <li>Refer\u00eancia;<\/li>\n                <li>Empr\u00e9stimo domicili\u00e1rio;<\/li>\n                <li>Reserva de documentos;<\/li>\n                <li>Empr\u00e9stimo interbibliotecas;<\/li>\n                <li>Apoio \u00e0 pesquisa e \u00e0 investiga\u00e7\u00e3o;<\/li>\n                <li>Forma\u00e7\u00e3o de utilizadores.<\/li>\n              <\/ol>\n            <\/div>\n          <\/div>\n\n          <!-- Article 11 -->\n          <div class=\"accordion-group nested-accordion\">\n            <button class=\"accordion-header secondary\" data-toggle=\"art-11\">\n              <span>Artigo 11\u00ba \u2013 Aquisi\u00e7\u00e3o bibliogr\u00e1fica<\/span>\n              <span class=\"accordion-icon\"><\/span>\n            <\/button>\n            <div\n              id=\"art-11\"\n              class=\"accordion-content secondary secondary-content\"\n            >\n              <ol>\n                <li>\n                  \u2013 As aquisi\u00e7\u00f5es bibliogr\u00e1ficas desenvolvidas pela Biblioteca\n                  est\u00e3o orientadas em fun\u00e7\u00e3o de uma pol\u00edtica de aquisi\u00e7\u00f5es que\n                  tem por base as bibliografias dos programas curriculares das\n                  diversas disciplinas leccionadas nos diferentes cursos,\n                  entregues \u00e0 Biblioteca no in\u00edcio de cada ano lectivo.\n                <\/li>\n                <li>\n                  \u2013 A Biblioteca tamb\u00e9m recebe sugest\u00f5es de aquisi\u00e7\u00e3o\n                  bibliogr\u00e1fica de docentes e alunos. Estas propostas s\u00e3o\n                  entregues em formul\u00e1rio pr\u00f3prio, sendo que no caso dos alunos\n                  o formul\u00e1rio dever\u00e1 vir assinado por um professor.\n                <\/li>\n                <li>\n                  \u2013 A renova\u00e7\u00e3o das assinaturas de Publica\u00e7\u00f5es Peri\u00f3dicas est\u00e1\n                  dependente da respectiva taxa de consulta e utiliza\u00e7\u00e3o.\n                <\/li>\n              <\/ol>\n            <\/div>\n          <\/div>\n\n          <!-- Article 12 -->\n          <div class=\"accordion-group nested-accordion\">\n            <button class=\"accordion-header secondary\" data-toggle=\"art-12\">\n              <span>Artigo 12\u00ba \u2013 Refer\u00eancia<\/span>\n              <span class=\"accordion-icon\"><\/span>\n            <\/button>\n            <div\n              id=\"art-12\"\n              class=\"accordion-content secondary secondary-content\"\n            >\n              <p>\n                O servi\u00e7o de refer\u00eancia promove o apoio personalizado aos\n                utilizadores da Biblioteca, atrav\u00e9s dos recursos dispon\u00edveis.\n              <\/p>\n            <\/div>\n          <\/div>\n\n          <!-- Article 13 -->\n          <div class=\"accordion-group nested-accordion\">\n            <button class=\"accordion-header secondary\" data-toggle=\"art-13\">\n              <span>Artigo 13\u00ba \u2013 Empr\u00e9stimo domicili\u00e1rio<\/span>\n              <span class=\"accordion-icon\"><\/span>\n            <\/button>\n            <div\n              id=\"art-13\"\n              class=\"accordion-content secondary secondary-content\"\n            >\n              <ol>\n                <li>\n                  \u2013 Para usufruir do servi\u00e7o de empr\u00e9stimo domicili\u00e1rio \u00e9\n                  necess\u00e1rio ter o Cart\u00e3o de Utilizador e estar devidamente\n                  registado na Biblioteca.\n                <\/li>\n                <li>\n                  \u2013 O empr\u00e9stimo domicili\u00e1rio s\u00f3 \u00e9 concedido aos titulares do\n                  Cart\u00e3o de Utilizador, sendo proibido requisitar em nome de\n                  terceiros.\n                <\/li>\n                <li>\n                  \u2013 A responsabilidade dos documentos requisitados fica a cargo\n                  do titular do cart\u00e3o atrav\u00e9s do qual foi efectuado o\n                  respectivo empr\u00e9stimo.\n                <\/li>\n                <li>\n                  \u2013 Cada utilizador pode requisitar 3 documentos, em simult\u00e2neo,\n                  durante uma semana.\n                <\/li>\n                <li>\n                  \u2013 Os empr\u00e9stimos podem ser renovados uma vez, caso n\u00e3o ocorram\n                  pedidos de reserva do respectivo documento. Ao fim desse\n                  per\u00edodo de empr\u00e9stimo, o documento ter\u00e1 que permanecer na\n                  Biblioteca durante 24 horas at\u00e9 que possa ser novamente\n                  requisitado. A renova\u00e7\u00e3o pode ser feita pessoalmente, por\n                  telefone ou por e-mail.\n                <\/li>\n                <li>\n                  \u2013 A entrega de documentos fora do prazo implica as seguintes\n                  penaliza\u00e7\u00f5es:\n                  <ol style=\"list-style-type: lower-alpha\">\n                    <li>\n                      At\u00e9 uma semana depois do prazo: o utilizador fica igual\n                      per\u00edodo sem poder usufruir do servi\u00e7o de empr\u00e9stimo.\n                    <\/li>\n                    <li>\n                      Mais de uma semana e at\u00e9 um m\u00eas depois do prazo: o\n                      utilizador fica um m\u00eas sem poder usufruir do respectivo\n                      servi\u00e7o.\n                    <\/li>\n                    <li>\n                      Mais de um m\u00eas depois do prazo: o utilizador fica inibido\n                      de requisitar livros durante o corrente ano lectivo.\n                    <\/li>\n                  <\/ol>\n                <\/li>\n                <li>\n                  \u2013 Qualquer dano causado no(s) documento(s) requisitado(s) \u00e9 da\n                  responsabilidade do titular do respectivo cart\u00e3o. A perda ou\n                  extravio do(s) documento(s) obriga \u00e0 reposi\u00e7\u00e3o ou indemniza\u00e7\u00e3o\n                  da Biblioteca no valor do(s) respectivo(s) documento(s).\n                <\/li>\n                <li>\n                  \u2013 N\u00e3o podem ser objecto de empr\u00e9stimo domicili\u00e1rio:\n                  <ol style=\"list-style-type: lower-alpha\">\n                    <li>Publica\u00e7\u00f5es Peri\u00f3dicas<\/li>\n                    <li>\n                      Obras de Refer\u00eancia (dicion\u00e1rios, enciclop\u00e9dias, etc.)\n                    <\/li>\n                    <li>Theses and Dissertations<\/li>\n                    <li>Obras a aguardar encaderna\u00e7\u00e3o<\/li>\n                    <li>\n                      Obras assinaladas com uma etiqueta vermelha na lombada\n                    <\/li>\n                  <\/ol>\n                <\/li>\n                <li>\n                  \u2013 A Biblioteca reserva-se o direito de cancelar\n                  temporariamente o empr\u00e9stimo domicili\u00e1rio (impedindo a\n                  requisi\u00e7\u00e3o de documentos) caso se verifique alguma das\n                  seguintes situa\u00e7\u00f5es:\n                  <ol style=\"list-style-type: lower-alpha\">\n                    <li>Devolu\u00e7\u00e3o de livros fora dos prazos estabelecidos;<\/li>\n                    <li>\n                      Falta de reposi\u00e7\u00e3o de livros perdidos ou danificados;\n                    <\/li>\n                    <li>\n                      Situa\u00e7\u00e3o irregular do utilizador para com o Grupo\n                      Aut\u00f3noma;\n                    <\/li>\n                    <li>\n                      O incumprimento do presente Regulamento por parte do\n                      utilizador.\n                    <\/li>\n                  <\/ol>\n                <\/li>\n                <li>\n                  \u2013 Ao utilizador com documentos em atraso, os servi\u00e7os\n                  acad\u00e9micos n\u00e3o entregar\u00e3o:\n                  <ol style=\"list-style-type: lower-alpha\">\n                    <li>Diploma final de curso;<\/li>\n                    <li>Carta de curso;<\/li>\n                    <li>Certid\u00e3o de frequ\u00eancia;<\/li>\n                    <li>Certificado de curso n\u00e3o conferente de grau.<\/li>\n                  <\/ol>\n                <\/li>\n                <li>\n                  \u2013 A Biblioteca reserva-se o direito de cancelar\n                  permanentemente o empr\u00e9stimo domicili\u00e1rio em casos especiais.\n                <\/li>\n                <li>\n                  \u2013 O empr\u00e9stimo domicili\u00e1rio faz-se durante o hor\u00e1rio da\n                  Biblioteca e at\u00e9 15 minutos antes do encerramento.\n                <\/li>\n              <\/ol>\n            <\/div>\n          <\/div>\n\n          <!-- Article 14 -->\n          <div class=\"accordion-group nested-accordion\">\n            <button class=\"accordion-header secondary\" data-toggle=\"art-14\">\n              <span>Artigo 14\u00ba \u2013 Reserva de documentos<\/span>\n              <span class=\"accordion-icon\"><\/span>\n            <\/button>\n            <div\n              id=\"art-14\"\n              class=\"accordion-content secondary secondary-content\"\n            >\n              <ol>\n                <li>\n                  \u2013 A Biblioteca disponibiliza o servi\u00e7o de reserva de\n                  documentos que se encontram requisitados por outros\n                  utilizadores.\n                <\/li>\n                <li>\n                  \u2013 A reserva de documentos pode ser feita pessoalmente no\n                  balc\u00e3o de atendimento, por telefone ou por correio eletr\u00f3nico.\n                <\/li>\n                <li>\n                  \u2013 Os utilizadores podem reservar at\u00e9 3 documentos em\n                  simult\u00e2neo.\n                <\/li>\n                <li>\n                  \u2013 Depois da Biblioteca receber o documento, o autor da reserva\n                  \u00e9 avisado por e-mail e a publica\u00e7\u00e3o fica reservada at\u00e9 ao\n                  final do dia seguinte.\n                <\/li>\n              <\/ol>\n            <\/div>\n          <\/div>\n\n          <!-- Article 15 -->\n          <div class=\"accordion-group nested-accordion\">\n            <button class=\"accordion-header secondary\" data-toggle=\"art-15\">\n              <span>Artigo 15\u00ba \u2013 Empr\u00e9stimo Interbibliotecas<\/span>\n              <span class=\"accordion-icon\"><\/span>\n            <\/button>\n            <div\n              id=\"art-15\"\n              class=\"accordion-content secondary secondary-content\"\n            >\n              <ol>\n                <li>\n                  \u2013 Poder\u00e3o usufruir deste servi\u00e7o os titulares do Cart\u00e3o de\n                  Utilizador.\n                <\/li>\n                <li>\n                  \u2013 A Biblioteca assegura aos seus utilizadores o acesso a\n                  documentos pertencentes a outras bibliotecas e n\u00e3o existentes\n                  na sua colec\u00e7\u00e3o. Os pedidos podem ser feitos a bibliotecas\n                  portuguesas (excepto as de Lisboa) e bibliotecas estrangeiras.\n                <\/li>\n                <li>\n                  \u2013 O servi\u00e7o de Empr\u00e9stimo Interbibliotecas (EIB) compreende,\n                  por parte da Biblioteca, uma pesquisa das publica\u00e7\u00f5es\n                  pretendidas em bases de dados ou cat\u00e1logos bibliogr\u00e1ficos\n                  externos. Nesse sentido, os utilizadores devem formalizar os\n                  pedidos atrav\u00e9s de e-mail.\n                <\/li>\n                <li>\n                  \u2013 O requerente do servi\u00e7o suportar\u00e1 todos os custos\n                  relacionados com o empr\u00e9stimo e a devolu\u00e7\u00e3o do documento\n                  solicitado. Antes da efectiva\u00e7\u00e3o dos pedidos, o utilizador\n                  ser\u00e1 informado dos custos totais a suportar e dos m\u00e9todos\n                  poss\u00edveis de pagamento.\n                <\/li>\n                <li>\n                  \u2013 Uma vez que a responsabilidade dos documentos solicitados\n                  est\u00e1 a cargo da Biblioteca, a consulta dos documentos (no\n                  \u00e2mbito do EIB) \u00e9 feita nas suas instala\u00e7\u00f5es, n\u00e3o sendo\n                  permitido o empr\u00e9stimo domicili\u00e1rio desses documentos.\n                <\/li>\n              <\/ol>\n            <\/div>\n          <\/div>\n\n          <!-- Article 16 -->\n          <div class=\"accordion-group nested-accordion\">\n            <button class=\"accordion-header secondary\" data-toggle=\"art-16\">\n              <span>Artigo 16\u00ba \u2013 Apoio \u00e0 pesquisa e \u00e0 investiga\u00e7\u00e3o<\/span>\n              <span class=\"accordion-icon\"><\/span>\n            <\/button>\n            <div\n              id=\"art-16\"\n              class=\"accordion-content secondary secondary-content\"\n            >\n              <p>A Biblioteca apoia e orienta os utilizadores:<\/p>\n              <ol style=\"list-style-type: lower-alpha\">\n                <li>\n                  Nas pesquisas realizadas nas bases de dados de refer\u00eancia,\n                  bibliogr\u00e1fica e em texto integral;\n                <\/li>\n                <li>\n                  Na localiza\u00e7\u00e3o de documentos livros e artigos cient\u00edficos;\n                <\/li>\n                <li>\n                  Na elabora\u00e7\u00e3o de refer\u00eancias bibliogr\u00e1ficas de acordo com a NP\n                  405 e com as normas da APA.\n                <\/li>\n              <\/ol>\n            <\/div>\n          <\/div>\n\n          <!-- Article 17 -->\n          <div class=\"accordion-group nested-accordion\">\n            <button class=\"accordion-header secondary\" data-toggle=\"art-17\">\n              <span>Artigo 17\u00ba \u2013 Forma\u00e7\u00e3o de utilizadores<\/span>\n              <span class=\"accordion-icon\"><\/span>\n            <\/button>\n            <div\n              id=\"art-17\"\n              class=\"accordion-content secondary secondary-content\"\n            >\n              <ol>\n                <li>\n                  \u2013 A Biblioteca promove ac\u00e7\u00f5es de forma\u00e7\u00e3o sobre distintas\n                  mat\u00e9rias, para docentes e discentes, cuja divulga\u00e7\u00e3o \u00e9\n                  realizada atrav\u00e9s de e-mail e do site biblio.grupoAut\u00f3noma.pt.\n                <\/li>\n                <li>\u2013 As forma\u00e7\u00f5es s\u00e3o gratuitas, de inscri\u00e7\u00e3o obrigat\u00f3ria.<\/li>\n              <\/ol>\n            <\/div>\n          <\/div>\n\n          <!-- Article 18 -->\n          <div class=\"accordion-group nested-accordion\">\n            <button class=\"accordion-header secondary\" data-toggle=\"art-18\">\n              <span>Artigo 18\u00ba \u2013 Visitas de estudo<\/span>\n              <span class=\"accordion-icon\"><\/span>\n            <\/button>\n            <div\n              id=\"art-18\"\n              class=\"accordion-content secondary secondary-content\"\n            >\n              <ol>\n                <li>\n                  \u2013 A Biblioteca promove e aceita visitas de estudo previamente\n                  solicitadas pelos docentes.\n                <\/li>\n                <li>\n                  \u2013 A marca\u00e7\u00e3o da visita de estudo pode ser feita pessoalmente,\n                  por telefone ou por e-mail, com a respectiva indica\u00e7\u00e3o:\n                  <ol style=\"list-style-type: lower-alpha\">\n                    <li>Dia e hora.<\/li>\n                    <li>N\u00ba de alunos.<\/li>\n                  <\/ol>\n                <\/li>\n                <li>\n                  \u2013 N\u00e3o s\u00e3o permitidas visitas de estudo fora do hor\u00e1rio de\n                  funcionamento da Biblioteca ou que perturbem o ambiente de\n                  estudo.\n                <\/li>\n              <\/ol>\n            <\/div>\n          <\/div>\n\n          <!-- Article 19 -->\n          <div class=\"accordion-group nested-accordion\">\n            <button class=\"accordion-header secondary\" data-toggle=\"art-19\">\n              <span>Artigo 19\u00ba \u2013 Ofertas<\/span>\n              <span class=\"accordion-icon\"><\/span>\n            <\/button>\n            <div\n              id=\"art-19\"\n              class=\"accordion-content secondary secondary-content\"\n            >\n              <ol>\n                <li>\n                  \u2013 A Biblioteca aceita propostas de ofertas de documenta\u00e7\u00e3o.\n                <\/li>\n                <li>\n                  \u2013 As ofertas devem ser processadas do seguinte modo:\n                  <ol style=\"list-style-type: lower-alpha\">\n                    <li>\n                      Envio da proposta por escrito, onde conste autor, t\u00edtulo e\n                      data de publica\u00e7\u00e3o dos documentos em causa. Pode faz\u00ea-lo\n                      atrav\u00e9s de carta, email ou entregando essa lista\n                      pessoalmente;\n                    <\/li>\n                    <li>\n                      A Biblioteca informar\u00e1, com a maior brevidade poss\u00edvel, do\n                      interesse e inclus\u00e3o das obras na sua colec\u00e7\u00e3o documental;\n                    <\/li>\n                    <li>O ofertante faz chegar a documenta\u00e7\u00e3o \u00e0 Biblioteca.<\/li>\n                  <\/ol>\n                <\/li>\n                <li>\n                  \u2013 Esta documenta\u00e7\u00e3o ser\u00e1 gerida pela Biblioteca, de acordo com\n                  as necessidades de informa\u00e7\u00e3o dos utilizadores, podendo parte\n                  dela ser recusada. Em caso de d\u00favida quanto \u00e0 pertin\u00eancia da\n                  documenta\u00e7\u00e3o, a Biblioteca recorrer\u00e1 ao parecer do\n                  Departamento da respectiva \u00e1rea cient\u00edfica.\n                <\/li>\n              <\/ol>\n            <\/div>\n          <\/div>\n        <\/div>\n      <\/div>\n\n      <!-- CAP\u00cdTULO V -->\n      <div class=\"accordion-group\">\n        <button class=\"accordion-header\" data-toggle=\"section-5\">\n          <span>CAP\u00cdTULO V \u2013 Disposi\u00e7\u00f5es Finais<\/span>\n          <span class=\"accordion-icon\"><\/span>\n        <\/button>\n        <div id=\"section-5\" class=\"accordion-content section-content\">\n          <!-- Article 20 -->\n          <div class=\"accordion-group nested-accordion\">\n            <button class=\"accordion-header secondary\" data-toggle=\"art-20\">\n              <span>Artigo 20\u00ba \u2013 Casos Omissos<\/span>\n              <span class=\"accordion-icon\"><\/span>\n            <\/button>\n            <div\n              id=\"art-20\"\n              class=\"accordion-content secondary secondary-content\"\n            >\n              <p>\n                Os casos omissos ser\u00e3o decididos pela Coordena\u00e7\u00e3o da Biblioteca.\n              <\/p>\n            <\/div>\n          <\/div>\n\n          <!-- Article 21 -->\n          <div class=\"accordion-group nested-accordion\">\n            <button class=\"accordion-header secondary\" data-toggle=\"art-21\">\n              <span>Artigo 21\u00ba \u2013 Entrada em Vigor<\/span>\n              <span class=\"accordion-icon\"><\/span>\n            <\/button>\n            <div\n              id=\"art-21\"\n              class=\"accordion-content secondary secondary-content\"\n            >\n              <p>\n                O presente regulamento entra em vigor no dia 12 de Janeiro 2026\n              <\/p>\n            <\/div>\n          <\/div>\n        <\/div>\n      <\/div>\n    <\/div>\n\n    <script>\n      var buttons = document.querySelectorAll(\"[data-toggle]\");\n      buttons.forEach(function (button) {\n        button.addEventListener(\"click\", function () {\n          var targetId = this.getAttribute(\"data-toggle\");\n          var targetElement = document.getElementById(targetId);\n\n          this.classList.toggle(\"active\");\n          targetElement.classList.toggle(\"active\");\n        });\n      });\n    <\/script>\n  <\/body>\n<\/html>","protected":false},"excerpt":{"rendered":"<p>Regulamento Geral da Biblioteca da Escola Superior de Enfermagem S. Francisco das Miseric\u00f3rdias Regulamento Geral da Biblioteca CAP\u00cdTULO I \u2013 Disposi\u00e7\u00f5es Gerais Artigo 1\u00ba \u2013 Objecto O Regulamento Geral da Biblioteca define as condi\u00e7\u00f5es de acesso aos servi\u00e7os e de utiliza\u00e7\u00e3o dos equipamentos e do espa\u00e7o f\u00edsico da biblioteca da Escola Superior de Enfermagem S\u00e3o [&hellip;]<\/p>","protected":false},"author":3,"featured_media":0,"parent":0,"menu_order":0,"comment_status":"closed","ping_status":"closed","template":"","meta":{"cybocfi_hide_featured_image":"","footnotes":""},"class_list":["post-4466","page","type-page","status-publish","hentry"],"_links":{"self":[{"href":"http:\/\/biblio.grupoautonoma.pt\/en\/wp-json\/wp\/v2\/pages\/4466","targetHints":{"allow":["GET"]}}],"collection":[{"href":"http:\/\/biblio.grupoautonoma.pt\/en\/wp-json\/wp\/v2\/pages"}],"about":[{"href":"http:\/\/biblio.grupoautonoma.pt\/en\/wp-json\/wp\/v2\/types\/page"}],"author":[{"embeddable":true,"href":"http:\/\/biblio.grupoautonoma.pt\/en\/wp-json\/wp\/v2\/users\/3"}],"replies":[{"embeddable":true,"href":"http:\/\/biblio.grupoautonoma.pt\/en\/wp-json\/wp\/v2\/comments?post=4466"}],"version-history":[{"count":11,"href":"http:\/\/biblio.grupoautonoma.pt\/en\/wp-json\/wp\/v2\/pages\/4466\/revisions"}],"predecessor-version":[{"id":5118,"href":"http:\/\/biblio.grupoautonoma.pt\/en\/wp-json\/wp\/v2\/pages\/4466\/revisions\/5118"}],"wp:attachment":[{"href":"http:\/\/biblio.grupoautonoma.pt\/en\/wp-json\/wp\/v2\/media?parent=4466"}],"curies":[{"name":"wp","href":"https:\/\/api.w.org\/{rel}","templated":true}]}}